{"id":308,"date":"2019-02-08T13:29:50","date_gmt":"2019-02-08T12:29:50","guid":{"rendered":"http:\/\/localhost:8888\/change\/about-us-2\/credal-money-as-solidarity\/"},"modified":"2022-08-02T16:26:44","modified_gmt":"2022-08-02T14:26:44","slug":"credal-largent-solidaire","status":"publish","type":"page","link":"https:\/\/changefund.social\/fr\/a-propos\/credal-largent-solidaire\/","title":{"rendered":"Cr\u00e9dal"},"content":{"rendered":"\r\n<p>Le fonds Change a \u00e9t\u00e9 cr\u00e9\u00e9 par Cr\u00e9dal, une coop\u00e9rative qui a pour finalit\u00e9 sociale de promouvoir une soci\u00e9t\u00e9 plus juste et solidaire, particuli\u00e8rement en ce qui concerne l\u2019usage de l\u2019argent. Cr\u00e9dal propose, en Belgique:<\/p>\r\n\r\n\r\n\r\n<ul>\r\n<li>du <strong>placement \u00e9thique<\/strong> : pr\u00e8s de 3700 investisseurs\/coop\u00e9rateurs ont choisi de placer de l\u2019argent \u00e0 Cr\u00e9dal qui, en toute transparence, utilise ces fonds pour financer des projets.<\/li>\r\n<li>du<strong> cr\u00e9dit alternatif<\/strong>\u00a0: outre les cr\u00e9dits aux associations et entreprises \u00e0 plus-value sociale, Cr\u00e9dal finance des entreprises durables, des entrepreneurs exclus bancaires et des particuliers aux revenus modestes.<\/li>\r\n<li>de <strong>l\u2019accompagnement de projets<\/strong> : Cr\u00e9dal r\u00e9alise du conseil en \u00e9conomie sociale et accompagne des entrepreneurs qui souhaitent cr\u00e9er leur activit\u00e9.<\/li>\r\n<\/ul>\r\n\r\n\r\n\r\n<p>Plus d\u2019info sur <a href=\"http:\/\/www.credal.be\" target=\"_blank\" rel=\"noreferrer noopener\" aria-label=\"\u00a0www.credal.be (s\u2019ouvre dans un nouvel onglet)\">www.credal.be<\/a><\/p>\r\n","protected":false},"excerpt":{"rendered":"<p>Le fonds Change a \u00e9t\u00e9 cr\u00e9\u00e9 par Cr\u00e9dal, une coop\u00e9rative qui a pour finalit\u00e9 sociale de promouvoir une soci\u00e9t\u00e9 plus juste et solidaire, particuli\u00e8rement en ce qui concerne l\u2019usage de &hellip; <a href=\"https:\/\/changefund.social\/fr\/a-propos\/credal-largent-solidaire\/\" class=\"more-link\">Continuer la lecture<span class=\"screen-reader-text\"> de &laquo;&nbsp;Cr\u00e9dal&nbsp;&raquo;<\/span><\/a><\/p>\n","protected":false},"author":1,"featured_media":0,"parent":300,"menu_order":3,"comment_status":"closed","ping_status":"closed","template":"","meta":[],"acf":[],"_links":{"self":[{"href":"https:\/\/changefund.social\/fr\/wp-json\/wp\/v2\/pages\/308"}],"collection":[{"href":"https:\/\/changefund.social\/fr\/wp-json\/wp\/v2\/pages"}],"about":[{"href":"https:\/\/changefund.social\/fr\/wp-json\/wp\/v2\/types\/page"}],"author":[{"embeddable":true,"href":"https:\/\/changefund.social\/fr\/wp-json\/wp\/v2\/users\/1"}],"replies":[{"embeddable":true,"href":"https:\/\/changefund.social\/fr\/wp-json\/wp\/v2\/comments?post=308"}],"version-history":[{"count":18,"href":"https:\/\/changefund.social\/fr\/wp-json\/wp\/v2\/pages\/308\/revisions"}],"predecessor-version":[{"id":1008,"href":"https:\/\/changefund.social\/fr\/wp-json\/wp\/v2\/pages\/308\/revisions\/1008"}],"up":[{"embeddable":true,"href":"https:\/\/changefund.social\/fr\/wp-json\/wp\/v2\/pages\/300"}],"wp:attachment":[{"href":"https:\/\/changefund.social\/fr\/wp-json\/wp\/v2\/media?parent=308"}],"curies":[{"name":"wp","href":"https:\/\/api.w.org\/{rel}","templated":true}]}}